{"id":357,"date":"2019-03-13T10:13:40","date_gmt":"2019-03-13T09:13:40","guid":{"rendered":"http:\/\/mariegeoffroy.com\/?page_id=357"},"modified":"2026-04-13T14:56:42","modified_gmt":"2026-04-13T13:56:42","slug":"stages-ateliers-retraites","status":"publish","type":"page","link":"https:\/\/mariegeoffroy.com\/index.php\/stages-ateliers-retraites\/","title":{"rendered":"Stages, ateliers &#038; retraites"},"content":{"rendered":"<div>\n<div>\u00a0<\/div>\n<\/div>\n<blockquote>\n<p><b>Semaine Mysore \u00e0 Montpellier<br \/>Du 29 avril au 3 mai<br \/>Studio Ekilibr<br \/><\/b><\/p>\n<p>&nbsp;<\/p>\n<\/blockquote>\n<div>\n<div><b>&gt; Programme<\/b><\/div>\n<div>&#8211; Mercredi, jeudi et vendredi 7h : Ashtanga Yoga style <span class=\"il\">Mysore<\/span><\/div>\n<div>&#8211; Samedi et dimanche :<\/div>\n<div>8h : Ashtanga Yoga\u00a0<span class=\"il\">Mysore<\/span>\u00a0Style<\/div>\n<div>10h30-12h : Yoga Restauratif, Kriyas &amp; Pranayama<\/div>\n<\/div>\n<div>\u00a0<\/div>\n<div><b>&gt; Tarif :<\/b><\/div>\n<div>&#8211; Stage complet, du mercredi au dimanche (5 jours) : 150\u20ac<\/div>\n<div>&#8211;\u00a0<span class=\"il\">Week<\/span> End : 110\u20ac<\/div>\n<div>&#8211; Drop in\u00a0<span class=\"il\">Mysore<\/span> semaine : 25\u20ac<\/div>\n<div>\u00a0<\/div>\n<div><strong>&gt; Inscriptions :<\/strong> <br \/>contact(a)studioekilibr.com\u00a0<\/div>\n<div><img loading=\"lazy\" decoding=\"async\" class=\"aligncenter size-large wp-image-981\" src=\"https:\/\/mariegeoffroy.com\/wp-content\/uploads\/2025\/08\/Marie.G-21-1024x683.jpg\" alt=\"\" width=\"730\" height=\"487\" srcset=\"https:\/\/mariegeoffroy.com\/wp-content\/uploads\/2025\/08\/Marie.G-21-1024x683.jpg 1024w, https:\/\/mariegeoffroy.com\/wp-content\/uploads\/2025\/08\/Marie.G-21-300x200.jpg 300w, https:\/\/mariegeoffroy.com\/wp-content\/uploads\/2025\/08\/Marie.G-21-768x512.jpg 768w, https:\/\/mariegeoffroy.com\/wp-content\/uploads\/2025\/08\/Marie.G-21-1536x1024.jpg 1536w, https:\/\/mariegeoffroy.com\/wp-content\/uploads\/2025\/08\/Marie.G-21-2048x1365.jpg 2048w\" sizes=\"auto, (max-width: 730px) 100vw, 730px\" \/><\/div>\n<p><strong><br \/>&#8212;&#8212;&#8212;&#8212;&#8212;&#8212;&#8212;&#8212;&#8212;&#8212;&#8212;&#8212;&#8212;&#8212;&#8212;&#8212;&#8212;&#8212;&#8212;&#8212;&#8212;&#8212;&#8212;&#8212;&#8212;&#8212;&#8212;&#8212;&#8212;&#8212;&#8212;&#8212;&#8212;&#8212;&#8212;&#8212;&#8212;&#8211;<\/strong><\/p>\n<blockquote>\n<p><b><strong>Shala d\u2019\u00e9t\u00e9<br \/>Du 28 juin au 24 juillet<\/strong><br \/><strong>Le Vigan<\/strong><\/b><\/p>\n<\/blockquote>\n<p>Voir <a href=\"https:\/\/mariegeoffroy.com\/index.php\/shala-dete\/\" target=\"_blank\" rel=\"noopener\">page d\u00e9di\u00e9e.<\/a><\/p>\n<p>Possibilit\u00e9 de participer \u00e0 1, 2, 3 ou 4 semaines (2 semaines minimum conseill\u00e9es).<br \/>Non r\u00e9sidentiel.<\/p>\n<p>Immersion dans la pratique de l\u2019Ashtanga Vinyasa Yoga au coeur du Parc national des C\u00e9vennes.<br \/>Pratiques matinales quotidiennes, moments de rencontre et d\u2019\u00e9change (repas, visites, balades), ainsi que du temps pour vous ressourcer, profiter de la nature environnante (rivi\u00e8res, montagnes) et de l\u2019activit\u00e9 estivale locale (march\u00e9s, programmation artistique et culturelle).<\/p>\n<p>Vous pouvez venir seul.e ou accompagn\u00e9.e, ainsi qu\u2019en famille. Les pratiques ayant lieu le matin, le reste de la journ\u00e9e est libre pour vous immerger dans cet environnement naturel exceptionnel, sauvage et pr\u00e9serv\u00e9.<\/p>\n<p>&gt;\u00a0<strong>Programme (l\u00e9g\u00e8res modifications possibles)<\/strong><br \/>\u2013 Du dimanche au vendredi 7h30 : Ashtanga Yoga style Mysore<br \/>\u2013 Lundi, mercredi, vendredi 9h30 : Kriyas \/ Pranayama, mantras v\u00e9diques<br \/>\u2013 Vendredi 10h30 : \u00e9changes<\/p>\n<p>D\u2019autres temps de rencontre et de partage pourront \u00eatre propos\u00e9s (repas partag\u00e9s, Yoga Restauratif, visites, balades\u2026).<\/p>\n<p>&gt;\u00a0<strong>Lieu<\/strong><br \/>Le Bourilhou, 5 Rue de la Carrierasse, 30120 Le Vigan.<br \/>Environ 1h en voiture depuis Montpellier ou N\u00eemes.<br \/>Train jusqu\u2019\u00e0 Montpellier ou N\u00eemes, puis bus jusqu\u2019au Vigan.<br \/>Avion jusqu\u2019\u00e0 Montpellier.<\/p>\n<p>&gt;\u00a0<strong>Tarif<\/strong><br \/>1 semaine: 150\u20ac<br \/>2 semaines: 240\u20ac<br \/>3 semaines : 300\u20ac<br \/>4 semaines : 330\u20ac<br \/>(Adh\u00e9sion aux associations AYC et Le Bourilhou inclues)<\/p>\n<p>Nb : le minimum de pr\u00e9sence est 1 semaine. N\u00e9anmoins, il est recommand\u00e9 de rester au moins 2 semaines si vous le pouvez.<\/p>\n<p><strong>&gt; Logement &amp; repas<\/strong><br \/>Non inclus.<br \/>Plusieurs appartements, maisons, g\u00eetes, B&amp;B et campings existent dans les environs.<br \/>Envoi de recommandations et de tarifs pr\u00e9f\u00e9rentiels sur demande lors de l\u2019inscription.<\/p>\n<p><strong>&gt; Niveau<\/strong><br \/>Tous niveaux, du d\u00e9butant au confirm\u00e9 (1\u00e8re et 2\u00e8me s\u00e9rie d\u2019Ashtanga Vinyasa Yoga, Authorized Level 2 KPJAYI \/ SYC).<br \/><img decoding=\"async\" class=\"wp-image-860\" src=\"https:\/\/mariegeoffroy.com\/wp-content\/uploads\/2024\/11\/Inscriptions-shala-ete-AYC-25.pdf\" alt=\"\" \/><br \/><strong>&gt; Inscription<\/strong><br \/>Ecrivez un mail \u00e0 contact(a)mariegeoffroy.com afin de recevoir le formulaire de candidature et des propositions d&#8217;h\u00e9bergements.<\/p>\n<p><img loading=\"lazy\" decoding=\"async\" class=\"aligncenter size-full wp-image-1015\" src=\"https:\/\/mariegeoffroy.com\/wp-content\/uploads\/2025\/11\/Capture-decran-2025-11-28-a-17.12.16.png\" alt=\"\" width=\"664\" height=\"552\" srcset=\"https:\/\/mariegeoffroy.com\/wp-content\/uploads\/2025\/11\/Capture-decran-2025-11-28-a-17.12.16.png 664w, https:\/\/mariegeoffroy.com\/wp-content\/uploads\/2025\/11\/Capture-decran-2025-11-28-a-17.12.16-300x249.png 300w\" sizes=\"auto, (max-width: 664px) 100vw, 664px\" \/><\/p>\n<p><strong>&#8212;&#8212;&#8212;&#8212;&#8212;&#8212;&#8212;&#8212;&#8212;&#8212;&#8212;&#8212;&#8212;&#8212;&#8212;&#8212;&#8212;&#8212;&#8212;&#8212;&#8212;&#8212;&#8212;&#8212;&#8212;&#8212;&#8212;&#8212;&#8212;&#8212;&#8212;&#8212;&#8212;&#8212;&#8212;&#8212;&#8212;&#8211;<\/strong><\/p>\n<blockquote>\n<p><b>Ateliers au Vigan de Yoga Restauratif :<\/b><\/p>\n<\/blockquote>\n<p>Yoga Restauratif (d\u00e9tente profonde), Pranayama (techniques respiratoires) &amp; th\u00e9 partag\u00e9.<\/p>\n<p><strong>&gt; Dimanche 12 avril 2026 9h-11h \/\/ R\u00e9cup\u00e9ration profonde<\/strong><\/p>\n<p><strong>&gt; Dimanche 14 juin 2026 9h-11h \/\/ Respiration<\/strong><\/p>\n<p><strong>&gt; Tarif :<\/strong> 20\u20ac <br \/>+ 4\u20ac d&#8217;adh\u00e9sion au Bourilhou<br \/>+ 5\u20ac d&#8217;adh\u00e9sion \u00e0 Ashtanga Yoga C\u00e9vennes<\/p>\n<p><img loading=\"lazy\" decoding=\"async\" class=\"aligncenter wp-image-1047 size-large\" src=\"https:\/\/mariegeoffroy.com\/wp-content\/uploads\/2026\/03\/201906_Shooting_yoga_Marie_WEB\u00a9Margot_Valeur-120-1024x683.jpg\" alt=\"\" width=\"730\" height=\"487\" srcset=\"https:\/\/mariegeoffroy.com\/wp-content\/uploads\/2026\/03\/201906_Shooting_yoga_Marie_WEB\u00a9Margot_Valeur-120-1024x683.jpg 1024w, https:\/\/mariegeoffroy.com\/wp-content\/uploads\/2026\/03\/201906_Shooting_yoga_Marie_WEB\u00a9Margot_Valeur-120-300x200.jpg 300w, https:\/\/mariegeoffroy.com\/wp-content\/uploads\/2026\/03\/201906_Shooting_yoga_Marie_WEB\u00a9Margot_Valeur-120-768x512.jpg 768w, https:\/\/mariegeoffroy.com\/wp-content\/uploads\/2026\/03\/201906_Shooting_yoga_Marie_WEB\u00a9Margot_Valeur-120-1536x1025.jpg 1536w, https:\/\/mariegeoffroy.com\/wp-content\/uploads\/2026\/03\/201906_Shooting_yoga_Marie_WEB\u00a9Margot_Valeur-120-2048x1366.jpg 2048w\" sizes=\"auto, (max-width: 730px) 100vw, 730px\" \/><\/p>\n<p><strong>&#8212;&#8212;&#8212;&#8212;&#8212;&#8212;&#8212;&#8212;&#8212;&#8212;&#8212;&#8212;&#8212;&#8212;&#8212;&#8212;&#8212;&#8212;&#8212;&#8212;&#8212;&#8212;&#8212;&#8212;&#8212;&#8212;&#8212;&#8212;&#8212;&#8212;&#8212;&#8212;&#8212;&#8212;&#8212;&#8212;&#8212;&#8211;<\/strong><\/p>\n<blockquote>\n<p><b>Retraite d&#8217;automne dans les C\u00e9vennes<br \/>Au g\u00eete Lascoutch \u00e0 Soudorgues<br \/>Du mercredi 21 au dimanche 25 octobre 2026<\/b><\/p>\n<\/blockquote>\n<p>&gt; Programme<br \/>&#8211; Mercredi: arriv\u00e9e d\u00e8s 17h<br \/>Accueil, pratique douce et d\u00eener<br \/>&#8211; Du jeudi au samedi:<br \/>8h: Ashtanga Yoga style Mysore<br \/>10h30: Kriyas \/ Pranayama<br \/>12h: D\u00e9jeuner<br \/>16h-18h: Atelier (alternance Q&amp;A, technique posturale, mantras v\u00e9diques, Yoga Restauratif)<br \/>19h: D\u00eener<br \/>&#8211; Dimanche:<br \/>8h: Ashtanga Yoga style Mysore<br \/>10h: Kriyas \/ Pranayama<br \/>11h: Brunch<br \/>12h: Fin<\/p>\n<p>&gt; H\u00e9bergement: chambre individuelle ou partag\u00e9e (de 2 \u00e0 4 personnes).<\/p>\n<p>&gt; Lieu:<br \/>Le g\u00eete Lascoutch est une propri\u00e9t\u00e9 de 15Ha dans une vall\u00e9e tr\u00e8s calme des C\u00e9vennes m\u00e9ridionales, pr\u00e8s du village de Soudorgues, au milieu de ch\u00eanes verts et de ch\u00e2taigners, bord\u00e9e par une magnifique rivi\u00e8re, la Salindrenque.<br \/>Le lieu s&#8217;inscrit dans une d\u00e9marche \u00e9co-responsable, privil\u00e9giant une mani\u00e8re de vivre dans et avec son environnement via la permaculture.<br \/>Laurence, l&#8217;h\u00f4te, a cr\u00e9e cet endroit avec amour et soin au fil des ans.<br \/>Corinne, la cuisini\u00e8re, pr\u00e9pare des repas v\u00e9g\u00e9tariens succulents.<\/p>\n<p>&gt; Acc\u00e8s: Soudorgues, 30460.<br \/>1h15 au Nord de Montpellier, 1h15 de N\u00eemes.<\/p>\n<p>&gt; Tarifs:<br \/>Logement &amp; repas : 400\u20ac chambre partag\u00e9e, 500\u20ac chambre priv\u00e9e<br \/>Enseignement : 210\u20ac early bird, 250\u20ac tarif normal<\/p>\n<ul>\n<li>Early bird jusqu&#8217;au 15 juillet: 610\u20ac chambre partag\u00e9e (2 \u00e0 4 personnes), 610\u20ac chambre pour un couple ou deux ami.es partageant le lit, 710\u20ac chambre priv\u00e9e pour 1 personne<\/li>\n<li>Tarif normal : 650\u20ac chambre (2 \u00e0 4 personnes), 650\u20ac chambre pour un couple ou deux ami.es partageant le lit, 750\u20ac chambre priv\u00e9e pour 1 personne<\/li>\n<\/ul>\n<p><img loading=\"lazy\" decoding=\"async\" class=\"aligncenter wp-image-1051 size-large\" src=\"https:\/\/mariegeoffroy.com\/wp-content\/uploads\/2026\/04\/Generique-voyage-blog-titre-iPhone-mise-en-page_20260413_150120_0000-1024x1024.png\" alt=\"\" width=\"730\" height=\"730\" srcset=\"https:\/\/mariegeoffroy.com\/wp-content\/uploads\/2026\/04\/Generique-voyage-blog-titre-iPhone-mise-en-page_20260413_150120_0000-1024x1024.png 1024w, https:\/\/mariegeoffroy.com\/wp-content\/uploads\/2026\/04\/Generique-voyage-blog-titre-iPhone-mise-en-page_20260413_150120_0000-300x300.png 300w, https:\/\/mariegeoffroy.com\/wp-content\/uploads\/2026\/04\/Generique-voyage-blog-titre-iPhone-mise-en-page_20260413_150120_0000-150x150.png 150w, https:\/\/mariegeoffroy.com\/wp-content\/uploads\/2026\/04\/Generique-voyage-blog-titre-iPhone-mise-en-page_20260413_150120_0000-768x768.png 768w, https:\/\/mariegeoffroy.com\/wp-content\/uploads\/2026\/04\/Generique-voyage-blog-titre-iPhone-mise-en-page_20260413_150120_0000-1536x1536.png 1536w, https:\/\/mariegeoffroy.com\/wp-content\/uploads\/2026\/04\/Generique-voyage-blog-titre-iPhone-mise-en-page_20260413_150120_0000-2048x2048.png 2048w\" sizes=\"auto, (max-width: 730px) 100vw, 730px\" \/><\/p>\n<p><strong><br \/>&#8212;&#8212;&#8212;&#8212;&#8212;&#8212;&#8212;&#8212;&#8212;&#8212;&#8212;&#8212;&#8212;&#8212;&#8212;&#8212;&#8212;&#8212;&#8212;&#8212;&#8212;&#8212;&#8212;&#8212;&#8212;&#8212;&#8212;&#8212;&#8212;&#8212;&#8212;&#8212;&#8212;&#8212;&#8212;&#8212;&#8212;&#8211;<\/strong><\/p>\n<blockquote>\n<p><b>Retraite de printemps dans les C\u00e9vennes<br \/>Au Mas de Gentil \u00e0 Cros<br \/>Du 14 au 18 avril 2027<\/b><\/p>\n<\/blockquote>\n<p>Infos \u00e0 venir<\/p>\n<p>&nbsp;<\/p>\n\n\n<p><\/p>\n\n\n\n<figure class=\"wp-block-gallery has-nested-images columns-default is-cropped wp-block-gallery-1 is-layout-flex wp-block-gallery-is-layout-flex\">\n<figure class=\"wp-block-image\"><img loading=\"lazy\" decoding=\"async\" width=\"1024\" height=\"683\" data-id=\"598\" src=\"https:\/\/mariegeoffroy.com\/wp-content\/uploads\/2023\/06\/Marie.G-16-1024x683.jpg\" alt=\"\" class=\"wp-image-598\" srcset=\"https:\/\/mariegeoffroy.com\/wp-content\/uploads\/2023\/06\/Marie.G-16-1024x683.jpg 1024w, https:\/\/mariegeoffroy.com\/wp-content\/uploads\/2023\/06\/Marie.G-16-300x200.jpg 300w, https:\/\/mariegeoffroy.com\/wp-content\/uploads\/2023\/06\/Marie.G-16-768x512.jpg 768w\" sizes=\"auto, (max-width: 1024px) 100vw, 1024px\" \/><figcaption class=\"wp-element-caption\">Cr\u00e9dit photo Anna Saulle<\/figcaption><\/figure>\n<\/figure>\n","protected":false},"excerpt":{"rendered":"<p>\u00a0 Semaine Mysore \u00e0 MontpellierDu 29 avril au 3 maiStudio Ekilibr &nbsp; &gt; Programme &#8211; Mercredi, jeudi et vendredi 7h : Ashtanga Yoga style Mysore &#8211; Samedi et dimanche : 8h : Ashtanga Yoga\u00a0Mysore\u00a0Style 10h30-12h : Yoga Restauratif, Kriyas &amp; Pranayama \u00a0 &gt; Tarif : &#8211; Stage complet, du mercredi au dimanche (5 jours) :<a class=\"moretag\" href=\"https:\/\/mariegeoffroy.com\/index.php\/stages-ateliers-retraites\/\"><span class=\"screen-reader-text\">Read more about Stages, ateliers &#038; retraites<\/span>[&#8230;]<\/a><\/p>\n","protected":false},"author":1,"featured_media":0,"parent":0,"menu_order":0,"comment_status":"closed","ping_status":"closed","template":"template-fullwidth.php","meta":{"footnotes":""},"class_list":["post-357","page","type-page","status-publish","hentry"],"_links":{"self":[{"href":"https:\/\/mariegeoffroy.com\/index.php\/wp-json\/wp\/v2\/pages\/357","targetHints":{"allow":["GET"]}}],"collection":[{"href":"https:\/\/mariegeoffroy.com\/index.php\/wp-json\/wp\/v2\/pages"}],"about":[{"href":"https:\/\/mariegeoffroy.com\/index.php\/wp-json\/wp\/v2\/types\/page"}],"author":[{"embeddable":true,"href":"https:\/\/mariegeoffroy.com\/index.php\/wp-json\/wp\/v2\/users\/1"}],"replies":[{"embeddable":true,"href":"https:\/\/mariegeoffroy.com\/index.php\/wp-json\/wp\/v2\/comments?post=357"}],"version-history":[{"count":100,"href":"https:\/\/mariegeoffroy.com\/index.php\/wp-json\/wp\/v2\/pages\/357\/revisions"}],"predecessor-version":[{"id":1053,"href":"https:\/\/mariegeoffroy.com\/index.php\/wp-json\/wp\/v2\/pages\/357\/revisions\/1053"}],"wp:attachment":[{"href":"https:\/\/mariegeoffroy.com\/index.php\/wp-json\/wp\/v2\/media?parent=357"}],"curies":[{"name":"wp","href":"https:\/\/api.w.org\/{rel}","templated":true}]}}